{"id":3158,"date":"2026-04-08T13:54:50","date_gmt":"2026-04-08T13:54:50","guid":{"rendered":"https:\/\/www.micasabona.zona.digital\/?page_id=3158"},"modified":"2026-04-29T18:41:50","modified_gmt":"2026-04-29T16:41:50","slug":"politica-de-privacidade","status":"publish","type":"page","link":"https:\/\/micasabona.es\/pt\/politica-de-privacidad\/","title":{"rendered":"Pol\u00edtica de Privacidade"},"content":{"rendered":"<div data-elementor-type=\"wp-page\" data-elementor-id=\"3158\" class=\"elementor elementor-3158\" data-elementor-post-type=\"page\">\n\t\t\t\t<div class=\"elementor-element elementor-element-3b4a1f36 thegem-e-con-layout-thegem e-flex e-con-boxed e-con e-parent\" data-id=\"3b4a1f36\" data-element_type=\"container\" data-e-type=\"container\" data-settings=\"{&quot;thegem_container_layout&quot;:&quot;thegem&quot;}\">\r\n\t\t\t\t\t<div class=\"e-con-inner\">\r\n\t\t\t\t<div class=\"elementor-element elementor-element-1155e911 flex-horizontal-align-default flex-horizontal-align-tablet-default flex-horizontal-align-mobile-default flex-vertical-align-default flex-vertical-align-tablet-default flex-vertical-align-mobile-default elementor-widget elementor-widget-text-editor\" data-id=\"1155e911\" data-element_type=\"widget\" data-e-type=\"widget\" data-widget_type=\"text-editor.default\">\n\t\t\t\t\t\t\t\t\t\t\t\t<div class=\"elementor-text-editor elementor-clearfix\">\r\n\t\t\t\t\t\t\n<p>Seguindo os princ\u00edpios de licitude, lealdade e transpar\u00eancia, colocamos \u00e0 sua disposi\u00e7\u00e3o a presente Pol\u00edtica de Privacidade.<\/p>\n\n<p>\u00a0Quem \u00e9 o Respons\u00e1vel pelo tratamento dos seus dados?<\/p>\n\n<figure class=\"wp-block-table\">\n<table class=\"has-fixed-layout\">\n<tbody>\n<tr>\n<td><strong>RESPONS\u00c1VEL<\/strong><\/td>\n<td colspan=\"2\"><strong>BONA IBERIA S.L.<\/strong><\/td>\n<\/tr>\n<tr>\n<td><strong>NIF<\/strong><\/td>\n<td colspan=\"2\"><strong>B80831399<\/strong><\/td>\n<\/tr>\n<tr>\n<td><strong>SEDE SOCIAL<\/strong><\/td>\n<td colspan=\"2\"><strong>Navas de Buitrago 52, nave 5, 28021, MADRID<\/strong><\/td>\n<\/tr>\n<tr>\n<td rowspan=\"2\"><strong>CONTACTO<\/strong><\/td>\n<td>Correio eletr\u00f3nico<\/td>\n<td><a href=\"mailto:bonaiberia@bona.com\"><strong>bonaiberia@bona.com<\/strong><\/a><\/td>\n<\/tr>\n<tr>\n<td>Telefone<\/td>\n<td><strong>916825522<\/strong><\/td>\n<\/tr>\n<\/tbody>\n<\/table>\n<\/figure>\n\n<p>Com que finalidade tratamos os seus dados pessoais?<\/p>\n\n<p>Em\u00a0<strong>BONA IBERIA S.L.<\/strong>, dependendo da categoria de interlocutor em causa, tratamos a informa\u00e7\u00e3o que nos faculta para as seguintes finalidades:<\/p>\n\n<figure class=\"wp-block-table\">\n<table class=\"has-fixed-layout\">\n<tbody>\n<tr>\n<td><strong>INTERESSADOS<\/strong><\/td>\n<td><strong>FINALIDADES DO TRATAMENTO<\/strong><\/td>\n<\/tr>\n<tr>\n<td><strong>CLIENTES POTENCIAIS<\/strong><\/td>\n<td>Gerir a potencial rela\u00e7\u00e3o comercial e\/ou profissional, gerir o envio de informa\u00e7\u00e3o solicitada e\/ou resolver as quest\u00f5es colocadas, facilitar propostas dos nossos servi\u00e7os e\/ou produtos do seu interesse.<\/td>\n<\/tr>\n<tr>\n<td><strong>CLIENTES<\/strong><\/td>\n<td>Gerir a rela\u00e7\u00e3o comercial e\/ou profissional, facilitar ofertas dos nossos servi\u00e7os e\/ou produtos do seu interesse.<\/td>\n<\/tr>\n<tr>\n<td><strong>FORNECEDORES<\/strong><\/td>\n<td>Gerir a rela\u00e7\u00e3o comercial e\/ou profissional.<\/td>\n<\/tr>\n<tr>\n<td><strong>CANDIDATOS<\/strong><\/td>\n<td>Gerir o processo de recrutamento e sele\u00e7\u00e3o.<\/td>\n<\/tr>\n<\/tbody>\n<\/table>\n<\/figure>\n\n<p>Qual \u00e9 a base legal para o tratamento dos seus dados?<\/p>\n\n<p>A base legal para o tratamento dos seus dados pessoais, dependendo da categoria de titular de dados em causa, pode ser:<\/p>\n\n<figure class=\"wp-block-table\">\n<table class=\"has-fixed-layout\">\n<tbody>\n<tr>\n<td><strong>INTERESSADOS<\/strong><\/td>\n<td><strong>BASE LEGAL<\/strong><\/td>\n<\/tr>\n<tr>\n<td rowspan=\"3\"><strong>CLIENTES POTENCIAIS<\/strong><\/td>\n<td>Artigo 6.1.b do RGPD: aplica\u00e7\u00e3o, a pedido do titular dos dados, de medidas pr\u00e9-contratuais (or\u00e7amentos, propostas de servi\u00e7os, ofertas...).<\/td>\n<\/tr>\n<tr>\n<td>Art. 6.1.f RGPD: Interesse leg\u00edtimo (enviar informa\u00e7\u00e3o solicitada, responder a quest\u00f5es colocadas\u2026).<\/td>\n<\/tr>\n<tr>\n<td>Art. 6.1.a RGPD: consentimento do pr\u00f3prio titular (facilitar ofertas dos nossos servi\u00e7os e\/ou produtos).<\/td>\n<\/tr>\n<tr>\n<td><strong>CLIENTES<\/strong><\/td>\n<td>Artigo 6.\u00ba, n.\u00ba 1, al\u00ednea b) do RGPD: execu\u00e7\u00e3o de um contrato no qual o titular dos dados faz parte.<\/td>\n<\/tr>\n<tr>\n<td><strong>FORNECEDORES<\/strong><\/td>\n<td>Artigo 6.\u00ba, n.\u00ba 1, al\u00ednea b) do RGPD: execu\u00e7\u00e3o de um contrato no qual o titular dos dados faz parte.<\/td>\n<\/tr>\n<tr>\n<td><strong>CANDIDATOS<\/strong><\/td>\n<td>Artigo 6.1.a RGPD: consentimento do pr\u00f3prio titular dos dados.<\/td>\n<\/tr>\n<\/tbody>\n<\/table>\n<\/figure>\n\n<p>Os dados que lhe solicitamos s\u00e3o adequados, pertinentes e estritamente necess\u00e1rios e em nenhum caso est\u00e1 obrigado a facult\u00e1-los, mas a sua n\u00e3o comunica\u00e7\u00e3o poder\u00e1 afetar a finalidade do servi\u00e7o ou a impossibilidade de o prestar.<\/p>\n\n<p>Por quanto tempo iremos reter os seus dados pessoais?<\/p>\n\n<p>Os seus dados ser\u00e3o conservados pelo tempo m\u00ednimo necess\u00e1rio para a correta presta\u00e7\u00e3o do servi\u00e7o oferecido, bem como para responder \u00e0s responsabilidades que dele possam advir e a quaisquer outras exig\u00eancias legais.<\/p>\n\n<p>\u00bfA qu\u00e9\u00a0destinatarios se comunicar\u00e1n sus datos?<\/p>\n\n<p><strong>BONA IBERIA S.L.<\/strong>\u00a0n\u00e3o comunicar\u00e1 os seus dados a terceiros, a menos que seja expressamente informado.<\/p>\n\n<p>Informamos adicionalmente que determinados dados, ao abrigo da legisla\u00e7\u00e3o em vigor ou da rela\u00e7\u00e3o contratual que mantenha com\u00a0<strong>BONA IBERIA S.L.<\/strong>, poder\u00e3o ser comunicados a:<\/p>\n\n<p>&#8211;\u00a0\u00a0\u00a0\u00a0\u00a0\u00a0Los bancos y entidades financieras para el cobro de los servicios contratados y\/o productos comprados.<\/p>\n\n<p>&#8211;\u00a0\u00a0\u00a0\u00a0\u00a0\u00a0Administraciones p\u00fablicas con competencia en los sectores de actividad de\u00a0<strong>BONA IBERIA S.L.<\/strong>, quando assim o prescrever a legisla\u00e7\u00e3o em vigor.<\/p>\n\n<p>Quais s\u00e3o os seus direitos quando nos faculta os seus dados?<\/p>\n\n<p>Os direitos de prote\u00e7\u00e3o de dados que os titulares poder\u00e3o exercer, quando aplic\u00e1vel, s\u00e3o:<\/p>\n\n<p>\u00a7\u00a0\u00a0Derecho a solicitar el acceso a los datos personales relativos al interesado.<\/p>\n\n<p>\u00a7\u00a0\u00a0Derecho de rectificaci\u00f3n o supresi\u00f3n.<\/p>\n\n<p>\u00a7\u00a0\u00a0Derecho de oposici\u00f3n.<\/p>\n\n<p>\u00a7\u00a0\u00a0Derecho a solicitar la limitaci\u00f3n de su tratamiento.<\/p>\n\n<p>\u00a7\u00a0\u00a0Derecho a la portabilidad de los datos.<\/p>\n\n<p>\u00a7\u00a0\u00a0Derecho a no ser objeto de decisiones basadas \u00fanicamente en el tratamiento automatizado de datos.<\/p>\n\n<p>Os titulares dos dados pessoais obtidos poder\u00e3o exercer os seus direitos de prote\u00e7\u00e3o de dados pessoais dirigindo uma comunica\u00e7\u00e3o escrita para a sede social da\u00a0<strong>BONA IBERIA S.L.<\/strong>\u00a0ao endere\u00e7o de correio eletr\u00f3nico para tal efeito habilitado,<strong>\u00a0<\/strong><a href=\"mailto:bonaiberia@bona.com\"><strong>bonaiberia@bona.com<\/strong><\/a>.<\/p>\n\n<p>Modelos, formul\u00e1rios e mais informa\u00e7\u00f5es sobre os seus direitos dispon\u00edveis na p\u00e1gina web da autoridade de controlo nacional, Ag\u00eancia Espanhola de Prote\u00e7\u00e3o de Dados, adiante AEPD,\u00a0<a href=\"http:\/\/www.aepd.es\/\" target=\"_blank\" rel=\"noopener\">www.aepd.es<\/a>\u00a0\u00a0\u00a0\u00a0<\/p>\n\n<p>\u00a0Posso retirar o consentimento?<\/p>\n\n<p>Tem a possibilidade e o direito de retirar o seu consentimento para qualquer finalidade espec\u00edfica concedida oportunamente, sem que tal afete a licitude do tratamento baseado no consentimento pr\u00e9vio \u00e0 sua retirada.<\/p>\n\n<p>\u00a0Onde posso apresentar uma reclama\u00e7\u00e3o caso considere que os meus dados n\u00e3o s\u00e3o tratados corretamente?<\/p>\n\n<p>Se algum interessado considerar que os seus dados n\u00e3o s\u00e3o tratados corretamente por\u00a0<strong>BONA IBERIA S.L.<\/strong>\u00a0o que las solicitudes de ejercicio de derechos no han sido atendidas de forma satisfactoria,\u00a0puede interponer una reclamaci\u00f3n ante a la autoridad de protecci\u00f3n de datos que corresponda, siendo la AEPD la indicada en el territorio nacional,\u00a0<a href=\"http:\/\/www.aepd.es\/\" target=\"_blank\" rel=\"noopener\">www.aepd.es<\/a>.<\/p>\n\n<p>\u00a0Seguran\u00e7a e atualiza\u00e7\u00e3o dos seus dados pessoais<\/p>\n\n<p>Con el objetivo de salvaguardar la seguridad de sus datos personales, le informamos que\u00a0ha adoptado todas las medidas de \u00edndole t\u00e9cnica y organizativa necesarias para garantizar la seguridad de los datos personales suministrados. Todo ello para evitar su alteraci\u00f3n, p\u00e9rdida, y\/o tratamientos o accesos no autorizados, tal como exige la normativa, si bien la seguridad absoluta no existe.<\/p>\n\n<p>\u00c9 importante que, para que possamos manter os seus dados pessoais atualizados, nos informe sempre que se verificar uma modifica\u00e7\u00e3o dos mesmos.<\/p>\n\n<p>\u00a0Confidencialidade<\/p>\n\n<p><strong>BONA IBERIA S.L.<\/strong>\u00a0informa-o de que os seus dados ser\u00e3o tratados com o m\u00e1ximo zelo e confidencialidade por todo o pessoal que intervenha em qualquer das fases do tratamento. N\u00e3o cederemos nem comunicaremos os seus dados a terceiros, exceto nos casos legalmente previstos, ou salvo autoriza\u00e7\u00e3o expressa do interessado.<\/p>\n\t\t\t\t\t\t\t<\/div>\r\n\t\t\t\t\t\t\t\t\t\t<\/div>\n\t\t\t\t\t<\/div>\n\t\t\t\t<\/div>\n\t\t\t\t<\/div>","protected":false},"excerpt":{"rendered":"<p>Siguiendo los principios de licitud, lealtad y transparencia, ponemos a su disposici\u00f3n la presente Pol\u00edtica de Privacidad. \u00a0\u00bfQui\u00e9n es el&#8230;<\/p>","protected":false},"author":2,"featured_media":0,"parent":0,"menu_order":0,"comment_status":"closed","ping_status":"closed","template":"page-fullwidth.php","meta":{"_acf_changed":false,"footnotes":""},"class_list":["post-3158","page","type-page","status-publish"],"acf":[],"_links":{"self":[{"href":"https:\/\/micasabona.es\/pt\/wp-json\/wp\/v2\/pages\/3158","targetHints":{"allow":["GET"]}}],"collection":[{"href":"https:\/\/micasabona.es\/pt\/wp-json\/wp\/v2\/pages"}],"about":[{"href":"https:\/\/micasabona.es\/pt\/wp-json\/wp\/v2\/types\/page"}],"author":[{"embeddable":true,"href":"https:\/\/micasabona.es\/pt\/wp-json\/wp\/v2\/users\/2"}],"replies":[{"embeddable":true,"href":"https:\/\/micasabona.es\/pt\/wp-json\/wp\/v2\/comments?post=3158"}],"version-history":[{"count":4,"href":"https:\/\/micasabona.es\/pt\/wp-json\/wp\/v2\/pages\/3158\/revisions"}],"predecessor-version":[{"id":25427,"href":"https:\/\/micasabona.es\/pt\/wp-json\/wp\/v2\/pages\/3158\/revisions\/25427"}],"wp:attachment":[{"href":"https:\/\/micasabona.es\/pt\/wp-json\/wp\/v2\/media?parent=3158"}],"curies":[{"name":"wp","href":"https:\/\/api.w.org\/{rel}","templated":true}]}}